{"id":8612,"date":"2025-09-12T10:19:30","date_gmt":"2025-09-12T10:19:30","guid":{"rendered":"https:\/\/www.sbhss.eu\/?post_type=event&#038;p=8612"},"modified":"2025-11-04T13:00:04","modified_gmt":"2025-11-04T13:00:04","slug":"new-european-bauhaus-festivalen-2026","status":"publish","type":"event","link":"https:\/\/www.sbhss.eu\/sv\/handelser\/new-european-bauhaus-festivalen-2026\/","title":{"rendered":"New European Bauhaus festivalen 2026"},"content":{"rendered":"<p style=\"text-align: justify;\">F\u00f6r tredje g\u00e5ngen arrangeras New European Bauhaus-festivalen i Bryssel, med sidoevenemang unt om i Europa, b\u00e5de digitalt och p\u00e5 plats. Detta kommer till att \u00e4ga rum den 9\u201313 juni 2026.\u00a0 Det \u00e4r EU-kommissionen som st\u00e5r bakom arrangemanget, och riktar sig till arkitekter, inv\u00e5nare, f\u00f6retag, kulturella akt\u00f6rer, innovat\u00f6rer och forskare.<\/p>\n<p style=\"text-align: justify;\"><!--more--><\/p>\n<p style=\"text-align: justify;\"><strong>Det finns tre alternativ f\u00f6r deltagande:\u00a0\u00a0<\/strong><\/p>\n<ul style=\"text-align: justify;\">\n<li>FAIR: Laboratorie- och projektutst\u00e4llning<\/li>\n<\/ul>\n<ul style=\"text-align: justify;\">\n<li>FEST: Kulturella och konstn\u00e4rliga aktiviteter<\/li>\n<\/ul>\n<ul style=\"text-align: justify;\">\n<li>Satellitevenemang<\/li>\n<\/ul>\n<p style=\"text-align: justify;\"><strong>Alla ans\u00f6kande beh\u00f6ver spegla Bauhaus-initiativets k\u00e4rnv\u00e4rden:\u00a0<\/strong><\/p>\n<ul style=\"text-align: justify;\">\n<li>H\u00e5llbarhet\u00a0i milj\u00f6m\u00e4ssiga termer: fr\u00e5n klimatm\u00e5l till cirkularitet, nollf\u00f6roreningar och skydd\/f\u00f6rb\u00e4ttring av biologisk m\u00e5ngfald<\/li>\n<\/ul>\n<ul style=\"text-align: justify;\">\n<li>Estetik, inklusive upplevelsekvalitet och stil \u2013 bortom enbart funktionalitet<\/li>\n<\/ul>\n<ul style=\"text-align: justify;\">\n<li>Inkludering, genom att v\u00e4rdes\u00e4tta m\u00e5ngfald, s\u00e4kerst\u00e4lla j\u00e4mlikhet f\u00f6r alla, tillg\u00e4nglighet och \u00f6verkomlighet<\/li>\n<\/ul>\n<p style=\"text-align: justify;\"><strong>Bauhausinitiativet\u00a0<\/strong><\/p>\n<p style=\"text-align: justify;\">New European Bauhaus lanserades 2020 av EU-kommissionens ordf\u00f6rande Ursula von der Leyen. Initiativet ska bidra till den gr\u00f6na omst\u00e4llningen genom att kombinera: klimatv\u00e4nliga l\u00f6sningar, attraktiva livsmilj\u00f6er och ett mer r\u00e4ttvist och inkluderande samh\u00e4lle.<\/p>\n<p style=\"text-align: justify;\">Detta kan vara en m\u00f6jlighet f\u00f6r intresserade att inte bara l\u00e4ra sig mer om NEB, utan dessutom att n\u00e4tverka och s\u00e4tta sin region p\u00e5 den europeiska kartan.<\/p>\n<p style=\"text-align: justify;\"><a href=\"https:\/\/eismea.ec.europa.eu\/news\/european-commission-seeks-contributions-2026-new-european-bauhaus-festival-2025-08-29_en\">L\u00e4s mer om hur ni anm\u00e4ler er h\u00e4r<\/a><\/p>\n","protected":false},"featured_media":8613,"template":"","class_list":["post-8612","event","type-event","status-publish","has-post-thumbnail","hentry"],"acf":[],"yoast_head":"<!-- This site is optimized with the Yoast SEO plugin v27.2 - https:\/\/yoast.com\/product\/yoast-seo-wordpress\/ -->\n<title>New European Bauhaus festivalen 2026 - SBHSS<\/title>\n<meta name=\"robots\" content=\"index, follow, max-snippet:-1, max-image-preview:large, max-video-preview:-1\" \/>\n<link rel=\"canonical\" href=\"https:\/\/www.sbhss.eu\/handelser\/new-european-bauhaus-festivalen-2026\/\" \/>\n<meta property=\"og:locale\" content=\"sv_SE\" \/>\n<meta property=\"og:type\" content=\"article\" \/>\n<meta property=\"og:title\" content=\"New European Bauhaus festivalen 2026 - SBHSS\" \/>\n<meta property=\"og:description\" content=\"F\u00f6r tredje g\u00e5ngen arrangeras New European Bauhaus-festivalen i Bryssel, med sidoevenemang unt om i Europa, b\u00e5de digitalt och p\u00e5 plats. Detta kommer till att \u00e4ga rum den 9\u201313 juni 2026.\u00a0 Det \u00e4r EU-kommissionen som st\u00e5r bakom arrangemanget, och riktar sig till arkitekter, inv\u00e5nare, f\u00f6retag, kulturella akt\u00f6rer, innovat\u00f6rer och forskare.\" \/>\n<meta property=\"og:url\" content=\"https:\/\/www.sbhss.eu\/handelser\/new-european-bauhaus-festivalen-2026\/\" \/>\n<meta property=\"og:site_name\" content=\"SBHSS\" \/>\n<meta property=\"article:modified_time\" content=\"2025-11-04T13:00:04+00:00\" \/>\n<meta property=\"og:image\" content=\"https:\/\/www.sbhss.eu\/wp-content\/uploads\/2025\/09\/festival-2026-calls-banners-02.png\" \/>\n\t<meta property=\"og:image:width\" content=\"991\" \/>\n\t<meta property=\"og:image:height\" content=\"826\" \/>\n\t<meta property=\"og:image:type\" content=\"image\/png\" \/>\n<meta name=\"twitter:card\" content=\"summary_large_image\" \/>\n<meta name=\"twitter:label1\" content=\"Ber\u00e4knad l\u00e4stid\" \/>\n\t<meta name=\"twitter:data1\" content=\"1 minut\" \/>\n<script type=\"application\/ld+json\" class=\"yoast-schema-graph\">{\"@context\":\"https:\/\/schema.org\",\"@graph\":[{\"@type\":\"WebPage\",\"@id\":\"https:\/\/www.sbhss.eu\/handelser\/new-european-bauhaus-festivalen-2026\/\",\"url\":\"https:\/\/www.sbhss.eu\/handelser\/new-european-bauhaus-festivalen-2026\/\",\"name\":\"New European Bauhaus festivalen 2026 - SBHSS\",\"isPartOf\":{\"@id\":\"https:\/\/www.sbhss.eu\/#website\"},\"primaryImageOfPage\":{\"@id\":\"https:\/\/www.sbhss.eu\/handelser\/new-european-bauhaus-festivalen-2026\/#primaryimage\"},\"image\":{\"@id\":\"https:\/\/www.sbhss.eu\/handelser\/new-european-bauhaus-festivalen-2026\/#primaryimage\"},\"thumbnailUrl\":\"https:\/\/www.sbhss.eu\/wp-content\/uploads\/2025\/09\/festival-2026-calls-banners-02.png\",\"datePublished\":\"2025-09-12T10:19:30+00:00\",\"dateModified\":\"2025-11-04T13:00:04+00:00\",\"breadcrumb\":{\"@id\":\"https:\/\/www.sbhss.eu\/handelser\/new-european-bauhaus-festivalen-2026\/#breadcrumb\"},\"inLanguage\":\"sv-SE\",\"potentialAction\":[{\"@type\":\"ReadAction\",\"target\":[\"https:\/\/www.sbhss.eu\/handelser\/new-european-bauhaus-festivalen-2026\/\"]}]},{\"@type\":\"ImageObject\",\"inLanguage\":\"sv-SE\",\"@id\":\"https:\/\/www.sbhss.eu\/handelser\/new-european-bauhaus-festivalen-2026\/#primaryimage\",\"url\":\"https:\/\/www.sbhss.eu\/wp-content\/uploads\/2025\/09\/festival-2026-calls-banners-02.png\",\"contentUrl\":\"https:\/\/www.sbhss.eu\/wp-content\/uploads\/2025\/09\/festival-2026-calls-banners-02.png\",\"width\":991,\"height\":826},{\"@type\":\"BreadcrumbList\",\"@id\":\"https:\/\/www.sbhss.eu\/handelser\/new-european-bauhaus-festivalen-2026\/#breadcrumb\",\"itemListElement\":[{\"@type\":\"ListItem\",\"position\":1,\"name\":\"Hem\",\"item\":\"https:\/\/www.sbhss.eu\/sv\/\"},{\"@type\":\"ListItem\",\"position\":2,\"name\":\"New European Bauhaus festivalen 2026\"}]},{\"@type\":\"WebSite\",\"@id\":\"https:\/\/www.sbhss.eu\/#website\",\"url\":\"https:\/\/www.sbhss.eu\/\",\"name\":\"SBHSS\",\"description\":\"\",\"potentialAction\":[{\"@type\":\"SearchAction\",\"target\":{\"@type\":\"EntryPoint\",\"urlTemplate\":\"https:\/\/www.sbhss.eu\/?s={search_term_string}\"},\"query-input\":{\"@type\":\"PropertyValueSpecification\",\"valueRequired\":true,\"valueName\":\"search_term_string\"}}],\"inLanguage\":\"sv-SE\"}]}<\/script>\n<!-- \/ Yoast SEO plugin. -->","yoast_head_json":{"title":"New European Bauhaus festivalen 2026 - SBHSS","robots":{"index":"index","follow":"follow","max-snippet":"max-snippet:-1","max-image-preview":"max-image-preview:large","max-video-preview":"max-video-preview:-1"},"canonical":"https:\/\/www.sbhss.eu\/handelser\/new-european-bauhaus-festivalen-2026\/","og_locale":"sv_SE","og_type":"article","og_title":"New European Bauhaus festivalen 2026 - SBHSS","og_description":"F\u00f6r tredje g\u00e5ngen arrangeras New European Bauhaus-festivalen i Bryssel, med sidoevenemang unt om i Europa, b\u00e5de digitalt och p\u00e5 plats. Detta kommer till att \u00e4ga rum den 9\u201313 juni 2026.\u00a0 Det \u00e4r EU-kommissionen som st\u00e5r bakom arrangemanget, och riktar sig till arkitekter, inv\u00e5nare, f\u00f6retag, kulturella akt\u00f6rer, innovat\u00f6rer och forskare.","og_url":"https:\/\/www.sbhss.eu\/handelser\/new-european-bauhaus-festivalen-2026\/","og_site_name":"SBHSS","article_modified_time":"2025-11-04T13:00:04+00:00","og_image":[{"width":991,"height":826,"url":"https:\/\/www.sbhss.eu\/wp-content\/uploads\/2025\/09\/festival-2026-calls-banners-02.png","type":"image\/png"}],"twitter_card":"summary_large_image","twitter_misc":{"Ber\u00e4knad l\u00e4stid":"1 minut"},"schema":{"@context":"https:\/\/schema.org","@graph":[{"@type":"WebPage","@id":"https:\/\/www.sbhss.eu\/handelser\/new-european-bauhaus-festivalen-2026\/","url":"https:\/\/www.sbhss.eu\/handelser\/new-european-bauhaus-festivalen-2026\/","name":"New European Bauhaus festivalen 2026 - SBHSS","isPartOf":{"@id":"https:\/\/www.sbhss.eu\/#website"},"primaryImageOfPage":{"@id":"https:\/\/www.sbhss.eu\/handelser\/new-european-bauhaus-festivalen-2026\/#primaryimage"},"image":{"@id":"https:\/\/www.sbhss.eu\/handelser\/new-european-bauhaus-festivalen-2026\/#primaryimage"},"thumbnailUrl":"https:\/\/www.sbhss.eu\/wp-content\/uploads\/2025\/09\/festival-2026-calls-banners-02.png","datePublished":"2025-09-12T10:19:30+00:00","dateModified":"2025-11-04T13:00:04+00:00","breadcrumb":{"@id":"https:\/\/www.sbhss.eu\/handelser\/new-european-bauhaus-festivalen-2026\/#breadcrumb"},"inLanguage":"sv-SE","potentialAction":[{"@type":"ReadAction","target":["https:\/\/www.sbhss.eu\/handelser\/new-european-bauhaus-festivalen-2026\/"]}]},{"@type":"ImageObject","inLanguage":"sv-SE","@id":"https:\/\/www.sbhss.eu\/handelser\/new-european-bauhaus-festivalen-2026\/#primaryimage","url":"https:\/\/www.sbhss.eu\/wp-content\/uploads\/2025\/09\/festival-2026-calls-banners-02.png","contentUrl":"https:\/\/www.sbhss.eu\/wp-content\/uploads\/2025\/09\/festival-2026-calls-banners-02.png","width":991,"height":826},{"@type":"BreadcrumbList","@id":"https:\/\/www.sbhss.eu\/handelser\/new-european-bauhaus-festivalen-2026\/#breadcrumb","itemListElement":[{"@type":"ListItem","position":1,"name":"Hem","item":"https:\/\/www.sbhss.eu\/sv\/"},{"@type":"ListItem","position":2,"name":"New European Bauhaus festivalen 2026"}]},{"@type":"WebSite","@id":"https:\/\/www.sbhss.eu\/#website","url":"https:\/\/www.sbhss.eu\/","name":"SBHSS","description":"","potentialAction":[{"@type":"SearchAction","target":{"@type":"EntryPoint","urlTemplate":"https:\/\/www.sbhss.eu\/?s={search_term_string}"},"query-input":{"@type":"PropertyValueSpecification","valueRequired":true,"valueName":"search_term_string"}}],"inLanguage":"sv-SE"}]}},"_links":{"self":[{"href":"https:\/\/www.sbhss.eu\/sv\/wp-json\/wp\/v2\/event\/8612","targetHints":{"allow":["GET"]}}],"collection":[{"href":"https:\/\/www.sbhss.eu\/sv\/wp-json\/wp\/v2\/event"}],"about":[{"href":"https:\/\/www.sbhss.eu\/sv\/wp-json\/wp\/v2\/types\/event"}],"wp:featuredmedia":[{"embeddable":true,"href":"https:\/\/www.sbhss.eu\/sv\/wp-json\/wp\/v2\/media\/8613"}],"wp:attachment":[{"href":"https:\/\/www.sbhss.eu\/sv\/wp-json\/wp\/v2\/media?parent=8612"}],"curies":[{"name":"wp","href":"https:\/\/api.w.org\/{rel}","templated":true}]}}